{"id":1291,"date":"2021-09-02T16:27:48","date_gmt":"2021-09-02T13:27:48","guid":{"rendered":"https:\/\/gruyerestories.com\/archive\/?page_id=1291"},"modified":"2022-03-30T16:23:46","modified_gmt":"2022-03-30T13:23:46","slug":"the-stories-of-le-gruyere-aop-4","status":"publish","type":"page","link":"https:\/\/gruyerestories.com\/archive\/sv\/","title":{"rendered":"The Stories of Le Gruy\u00e9re AOP"},"content":{"rendered":"<p>[et_pb_section fb_built=&#8221;1&#8243; admin_label=&#8221;Section&#8221; module_id=&#8221;mainhero&#8221; _builder_version=&#8221;4.4.2&#8243; background_video_mp4=&#8221;https:\/\/gruyerestories.com\/archive\/wp-content\/uploads\/2020\/04\/JUUSTO_1080P.mp4&#8243; custom_css_main_element=&#8221;min-height:100vh;||display:flex;&#8221; da_popup_slug=&#8221;mainhero&#8221; da_disable_devices=&#8221;off|off|off&#8221; global_colors_info=&#8221;{}&#8221; da_is_popup=&#8221;off&#8221; da_exit_intent=&#8221;off&#8221; da_has_close=&#8221;on&#8221; da_alt_close=&#8221;off&#8221; da_dark_close=&#8221;off&#8221; da_not_modal=&#8221;on&#8221; da_is_singular=&#8221;off&#8221; da_with_loader=&#8221;off&#8221; da_has_shadow=&#8221;on&#8221;][et_pb_row _builder_version=&#8221;4.9.7&#8243; max_width=&#8221;80vw&#8221; global_colors_info=&#8221;{}&#8221;][et_pb_column type=&#8221;4_4&#8243; _builder_version=&#8221;4.4.2&#8243; global_colors_info=&#8221;{}&#8221;][et_pb_text _builder_version=&#8221;4.10.5&#8243; _module_preset=&#8221;default&#8221; header_text_align=&#8221;center&#8221; header_text_color=&#8221;#FFFFFF&#8221; header_font_size=&#8221;5rem&#8221; animation_style=&#8221;fade&#8221; global_colors_info=&#8221;{}&#8221;]<\/p>\n<h1>THE Stories of<br \/>\nLe Gruy\u00e8re AOP<\/h1>\n<p>[\/et_pb_text][et_pb_button button_url=&#8221;#tutustu-tarinoihin&#8221; button_text=&#8221;L\u00e4s mer&#8221; button_alignment=&#8221;center&#8221; _builder_version=&#8221;4.10.5&#8243; _module_preset=&#8221;default&#8221; animation_style=&#8221;slide&#8221; animation_direction=&#8221;bottom&#8221; animation_delay=&#8221;200ms&#8221; global_colors_info=&#8221;{}&#8221;][\/et_pb_button][\/et_pb_column][\/et_pb_row][\/et_pb_section][et_pb_section fb_built=&#8221;1&#8243; admin_label=&#8221;Section&#8221; module_id=&#8221;tutustu-tarinoihin&#8221; _builder_version=&#8221;4.10.5&#8243; background_image=&#8221;https:\/\/gruyerestories.com\/archive\/wp-content\/uploads\/2021\/09\/paper-bg.jpg&#8221; custom_padding=&#8221;6rem||3rem||false|false&#8221; da_popup_slug=&#8221;tutustu-tarinoihin&#8221; da_disable_devices=&#8221;off|off|off&#8221; global_colors_info=&#8221;{}&#8221; da_is_popup=&#8221;off&#8221; da_exit_intent=&#8221;off&#8221; da_has_close=&#8221;on&#8221; da_alt_close=&#8221;off&#8221; da_dark_close=&#8221;off&#8221; da_not_modal=&#8221;on&#8221; da_is_singular=&#8221;off&#8221; da_with_loader=&#8221;off&#8221; da_has_shadow=&#8221;on&#8221;][et_pb_row column_structure=&#8221;1_2,1_2&#8243; module_id=&#8221;competition&#8221; _builder_version=&#8221;4.10.5&#8243; _module_preset=&#8221;default&#8221; max_width=&#8221;100vw&#8221; custom_padding=&#8221;0px||4rem||false|false&#8221; global_colors_info=&#8221;{}&#8221;][et_pb_column type=&#8221;1_2&#8243; _builder_version=&#8221;4.10.5&#8243; _module_preset=&#8221;default&#8221; global_colors_info=&#8221;{}&#8221;][et_pb_image src=&#8221;https:\/\/gruyerestories.com\/archive\/wp-content\/uploads\/2021\/09\/riedelarvonta.jpg&#8221; title_text=&#8221;riedelarvonta&#8221; align=&#8221;right&#8221; force_fullwidth=&#8221;on&#8221; _builder_version=&#8221;4.10.5&#8243; _module_preset=&#8221;default&#8221; global_colors_info=&#8221;{}&#8221;][\/et_pb_image][\/et_pb_column][et_pb_column type=&#8221;1_2&#8243; _builder_version=&#8221;4.10.5&#8243; _module_preset=&#8221;default&#8221; global_colors_info=&#8221;{}&#8221;][et_pb_text _builder_version=&#8221;4.10.5&#8243; _module_preset=&#8221;default&#8221; text_text_color=&#8221;#034493&#8243; text_font_size=&#8221;1.1rem&#8221; text_line_height=&#8221;1.4em&#8221; header_text_color=&#8221;#034493&#8243; header_font_size=&#8221;2.2rem&#8221; header_2_text_color=&#8221;#034493&#8243; header_2_font_size=&#8221;2.7rem&#8221; header_4_text_color=&#8221;#034493&#8243; header_4_font_size=&#8221;1.2rem&#8221; custom_margin_tablet=&#8221;&#8221; custom_margin_phone=&#8221;&#8221; custom_margin_last_edited=&#8221;on|desktop&#8221; header_2_font_size_tablet=&#8221;&#8221; header_2_font_size_phone=&#8221;20px&#8221; header_2_font_size_last_edited=&#8221;on|phone&#8221; header_4_font_size_tablet=&#8221;17px&#8221; header_4_font_size_phone=&#8221;&#8221; header_4_font_size_last_edited=&#8221;on|phone&#8221; global_colors_info=&#8221;{}&#8221;]<\/p>\n<h2>Ber\u00e4tta din egen Le Gruy\u00e8re AOP -historia och vinn!<\/h2>\n<p style=\"font-size: 1.6rem; line-height: 1;\">Som pris utlottas Riedel vinglas (12 stycke).<\/p>\n<p>Ber\u00e4tta om hur du l\u00e4rt k\u00e4nna <a href=\"https:\/\/www.cheesesfromswitzerland.com\/sv-SE\/schweiziska-ostsorter\/sortiment\/le-gruyere-aop\" target=\"_blank\" rel=\"noopener\" title=\"Le Gruy\u00e8re AOP\">Le Gruy\u00e8re AOP<\/a> -osten, vilket ditt favoritrecept som inneh\u00e5ller osten \u00e4r eller var du vanligtvis k\u00f6per den. Du kan vinna Riedel vinglas till ett v\u00e4rde av 500\u20ac.<\/p>\n<p>Du kan delta med formul\u00e4ret och publicera din egen ber\u00e4ttelse p\u00e5 Instagram med taggen <a href=\"https:\/\/www.instagram.com\/explore\/tags\/gruyerestories\" target=\"_blank\" rel=\"noopener\" title=\"#gruyerestories\">#gruyerestories<\/a> varvid din publikation visas p\u00e5 den h\u00e4r sidan, och vi delar ocks\u00e5 de b\u00e4sta ber\u00e4ttelserna p\u00e5 v\u00e5rt eget konto <a href=\"https:\/\/www.instagram.com\/weloveswisscheese_nordics\/\" target=\"_blank\" rel=\"noopener\" title=\"@weloveswisscheese_nordics\">@weloveswisscheese_nordics<\/a><\/p>\n<p>[\/et_pb_text][et_pb_button button_url=&#8221;#osallistu-kilpailuun-lomake&#8221; button_text=&#8221;Delta I t\u00e4vlingen!&#8221; _builder_version=&#8221;4.10.5&#8243; _module_preset=&#8221;default&#8221; global_colors_info=&#8221;{}&#8221;][\/et_pb_button][\/et_pb_column][\/et_pb_row][et_pb_row column_structure=&#8221;1_2,1_2&#8243; use_custom_gutter=&#8221;on&#8221; _builder_version=&#8221;4.10.5&#8243; max_width=&#8221;100vw&#8221; custom_margin=&#8221;-4px|auto||auto||&#8221; custom_margin_tablet=&#8221;0px||||false|false&#8221; custom_margin_phone=&#8221;&#8221; custom_margin_last_edited=&#8221;on|tablet&#8221; custom_padding=&#8221;40px||18px||false|false&#8221; saved_tabs=&#8221;all&#8221; global_colors_info=&#8221;{}&#8221;][et_pb_column type=&#8221;1_2&#8243; _builder_version=&#8221;4.4.4&#8243; global_colors_info=&#8221;{}&#8221;][et_pb_text _builder_version=&#8221;4.10.5&#8243; text_text_color=&#8221;#034493&#8243; text_font_size=&#8221;1.4rem&#8221; text_line_height=&#8221;1.4em&#8221; header_text_color=&#8221;#034493&#8243; header_font_size=&#8221;2rem&#8221; header_2_text_color=&#8221;#034493&#8243; header_2_font_size=&#8221;4rem&#8221; header_4_text_color=&#8221;#034493&#8243; header_4_font_size=&#8221;1.2rem&#8221; custom_margin=&#8221;-27px||||false|false&#8221; custom_margin_tablet=&#8221;&#8221; custom_margin_phone=&#8221;&#8221; custom_margin_last_edited=&#8221;on|desktop&#8221; header_2_font_size_tablet=&#8221;&#8221; header_2_font_size_phone=&#8221;20px&#8221; header_2_font_size_last_edited=&#8221;on|phone&#8221; header_4_font_size_tablet=&#8221;17px&#8221; header_4_font_size_phone=&#8221;&#8221; header_4_font_size_last_edited=&#8221;on|phone&#8221; global_colors_info=&#8221;{}&#8221;]<\/p>\n<h4>Resan till ostlandet | Systrarna Eisenman<\/h4>\n<h2 style=\"margin-bottom: 0rem; margin-top: 0.6rem;\">Tillverkningen av<br \/>Le Gruy\u00e8re AOP<\/h2>\n<p><img loading=\"lazy\" src=\"https:\/\/gruyerestories.com\/archive\/wp-content\/uploads\/2020\/04\/cheese-228x300.png\" width=\"228\" height=\"300\" alt=\"\" class=\"wp-image-89 alignnone size-medium\" style=\"float: right;\" srcset=\"https:\/\/gruyerestories.com\/archive\/wp-content\/uploads\/2020\/04\/cheese-228x300.png 228w, https:\/\/gruyerestories.com\/archive\/wp-content\/uploads\/2020\/04\/cheese.png 230w\" sizes=\"(max-width: 228px) 100vw, 228px\" \/>2019 \u00e5rs matbloggare i Sverige bekantade sig med tillverkningen av Le Gruy\u00e8re AOP-osten p\u00e5 ostmejeriet M\u00e9zi\u00e8res och tr\u00e4ffade ostm\u00e4staren Nicolas och mj\u00f6lkproducenterna som varje morgon och eftermiddag levererar f\u00e4rsk mj\u00f6lk till det lokala ostmejeriet.<\/p>\n<p>[\/et_pb_text][et_pb_button button_url=&#8221;https:\/\/www.youtube.com\/watch?v=dIXha91fkEk&#8221; url_new_window=&#8221;on&#8221; button_text=&#8221;Se videon!&#8221; module_class=&#8221;wplightbox&#8221; _builder_version=&#8221;4.10.5&#8243; custom_margin=&#8221;20px||||false|false&#8221; global_colors_info=&#8221;{}&#8221;][\/et_pb_button][\/et_pb_column][et_pb_column type=&#8221;1_2&#8243; _builder_version=&#8221;4.9.7&#8243; background_enable_image=&#8221;off&#8221; background_size=&#8221;contain&#8221; background_position=&#8221;center_right&#8221; custom_padding=&#8221;||||true|true&#8221; custom_padding_tablet=&#8221;&#8221; custom_padding_phone=&#8221;|0px||0px|true|true&#8221; custom_padding_last_edited=&#8221;on|tablet&#8221; global_colors_info=&#8221;{}&#8221;][et_pb_image src=&#8221;https:\/\/gruyerestories.com\/archive\/wp-content\/uploads\/2020\/04\/videobg1.jpg&#8221; url=&#8221;https:\/\/www.youtube.com\/watch?v=dIXha91fkEk&#8221; url_new_window=&#8221;on&#8221; align=&#8221;right&#8221; force_fullwidth=&#8221;on&#8221; module_id=&#8221;playvideo&#8221; module_class=&#8221;wplightbox&#8221; _builder_version=&#8221;4.10.5&#8243; animation_direction=&#8221;bottom&#8221; global_colors_info=&#8221;{}&#8221;][\/et_pb_image][\/et_pb_column][\/et_pb_row][et_pb_row column_structure=&#8221;1_5,1_5,1_5,1_5,1_5&#8243; use_custom_gutter=&#8221;on&#8221; gutter_width=&#8221;2&#8243; module_id=&#8221;episodes&#8221; _builder_version=&#8221;4.9.7&#8243; max_width=&#8221;100vw&#8221; custom_margin=&#8221;3rem|auto||auto|false|false&#8221; custom_padding=&#8221;0px|||||&#8221; global_module=&#8221;1305&#8243; saved_tabs=&#8221;all&#8221; global_colors_info=&#8221;{}&#8221;][et_pb_column type=&#8221;1_5&#8243; _builder_version=&#8221;4.4.4&#8243; global_colors_info=&#8221;{}&#8221;][et_pb_blurb title=&#8221;Producentbes\u00f6k p\u00e5 M\u00e9zi\u00e8res ostmejeri&#8221; image=&#8221;https:\/\/gruyerestories.com\/archive\/wp-content\/uploads\/2020\/04\/videobg1-300&#215;207.jpg&#8221; content_max_width=&#8221;1100px&#8221; _builder_version=&#8221;4.10.5&#8243; text_orientation=&#8221;center&#8221; animation=&#8221;off&#8221; link_option_url=&#8221;\/producentbesok-pa-mezieres-ostmejeri\/&#8221; global_colors_info=&#8221;{}&#8221;]<\/p>\n<p>#1<\/p>\n<p>[\/et_pb_blurb][\/et_pb_column][et_pb_column type=&#8221;1_5&#8243; _builder_version=&#8221;4.4.4&#8243; global_colors_info=&#8221;{}&#8221;][et_pb_blurb title=&#8221;Picknick i byn Gruy\u00e8res&#8221; image=&#8221;https:\/\/gruyerestories.com\/archive\/wp-content\/uploads\/2020\/04\/episode2-300&#215;207.jpg&#8221; _builder_version=&#8221;4.10.5&#8243; text_orientation=&#8221;center&#8221; animation=&#8221;off&#8221; link_option_url=&#8221;\/picknick-i-byn-gruyeres\/&#8221; global_colors_info=&#8221;{}&#8221;]<\/p>\n<p>#2<\/p>\n<p>[\/et_pb_blurb][\/et_pb_column][et_pb_column type=&#8221;1_5&#8243; _builder_version=&#8221;4.4.4&#8243; global_colors_info=&#8221;{}&#8221;][et_pb_blurb title=&#8221;Bes\u00f6k hos Le Gruy\u00e8re AOP Alpage-producenten i bergen&#8221; image=&#8221;https:\/\/gruyerestories.com\/archive\/wp-content\/uploads\/2020\/04\/episode3-300&#215;207.jpg&#8221; _builder_version=&#8221;4.10.5&#8243; text_orientation=&#8221;center&#8221; animation=&#8221;off&#8221; link_option_url=&#8221;\/besok-hos-le-gruyere-aop-alpage-producenten-i-bergen\/&#8221; global_colors_info=&#8221;{}&#8221;]<\/p>\n<p>#3<\/p>\n<p>[\/et_pb_blurb][\/et_pb_column][et_pb_column type=&#8221;1_5&#8243; _builder_version=&#8221;4.4.4&#8243; global_colors_info=&#8221;{}&#8221;][et_pb_blurb title=&#8221;S\u00e5 h\u00e4r tillverkas Malakhof&#8221; image=&#8221;https:\/\/gruyerestories.com\/archive\/wp-content\/uploads\/2020\/04\/episode4-300&#215;207.jpg&#8221; _builder_version=&#8221;4.10.5&#8243; text_orientation=&#8221;center&#8221; animation=&#8221;off&#8221; link_option_url=&#8221;\/sa-har-tillverkas-malakhof\/&#8221; global_colors_info=&#8221;{}&#8221;]<\/p>\n<p>#4<\/p>\n<p>[\/et_pb_blurb][\/et_pb_column][et_pb_column type=&#8221;1_5&#8243; _builder_version=&#8221;4.4.4&#8243; global_colors_info=&#8221;{}&#8221;][et_pb_blurb title=&#8221; Vad minns du fr\u00e5n resan?&#8221; image=&#8221;https:\/\/gruyerestories.com\/archive\/wp-content\/uploads\/2020\/04\/episode5-300&#215;207.jpg&#8221; _builder_version=&#8221;4.10.5&#8243; text_orientation=&#8221;center&#8221; animation=&#8221;off&#8221; link_option_url=&#8221;\/vad-minns-du-fran-resan\/&#8221; global_colors_info=&#8221;{}&#8221;]<\/p>\n<p>#5<\/p>\n<p>[\/et_pb_blurb][\/et_pb_column][\/et_pb_row][\/et_pb_section][et_pb_section fb_built=&#8221;1&#8243; admin_label=&#8221;Popup &#8211; #osallistu-kilpailuun-lomake&#8221; module_id=&#8221;osallistu-kilpailuun-lomake&#8221; module_class=&#8221;popup close-alt&#8221; _builder_version=&#8221;4.4.4&#8243; background_color=&#8221;#f6f6f6f6&#8243; max_width=&#8221;32%&#8221; max_width_tablet=&#8221;78%&#8221; max_width_phone=&#8221;90%&#8221; max_width_last_edited=&#8221;on|phone&#8221; custom_padding=&#8221;35px||33px|||&#8221; animation_style=&#8221;slide&#8221; animation_direction=&#8221;top&#8221; da_is_popup=&#8221;on&#8221; da_popup_slug=&#8221;osallistu-kilpailuun-lomake&#8221; da_alt_close=&#8221;on&#8221; da_disable_devices=&#8221;off|off|off&#8221; global_colors_info=&#8221;{}&#8221; da_exit_intent=&#8221;off&#8221; da_has_close=&#8221;on&#8221; da_dark_close=&#8221;off&#8221; da_not_modal=&#8221;on&#8221; da_is_singular=&#8221;off&#8221; da_with_loader=&#8221;off&#8221; da_has_shadow=&#8221;on&#8221;][et_pb_row _builder_version=&#8221;4.4.4&#8243; width=&#8221;85%&#8221; custom_padding=&#8221;14px|||||&#8221; global_colors_info=&#8221;{}&#8221;][et_pb_column type=&#8221;4_4&#8243; _builder_version=&#8221;4.4.2&#8243; global_colors_info=&#8221;{}&#8221;][et_pb_text _builder_version=&#8221;4.10.5&#8243; custom_margin=&#8221;||25px|||&#8221; global_colors_info=&#8221;{}&#8221;]<\/p>\n<h3>Ber\u00e4tta din egen Le Gruy\u00e8re AOP-historia och vinn!<br \/>\n<\/h3>\n<p>[\/et_pb_text][et_pb_code _builder_version=&#8221;4.10.5&#8243; global_colors_info=&#8221;{}&#8221;][\/et_pb_code][et_pb_toggle title=&#8221;T\u00e4vlingsregler&#8221; icon_color=&#8221;#004992&#8243; _builder_version=&#8221;4.10.5&#8243; body_font_size=&#8221;13px&#8221; body_line_height=&#8221;1.5em&#8221; custom_margin=&#8221;41px|||||&#8221; hover_enabled=&#8221;0&#8243; border_width_all=&#8221;0px&#8221; box_shadow_style=&#8221;preset6&#8243; box_shadow_color=&#8221;rgba(0,0,0,0.12)&#8221; global_colors_info=&#8221;{}&#8221; sticky_enabled=&#8221;0&#8243;]<\/p>\n<p><strong>1. Arrang\u00f6r:<\/strong><br \/>Switzerland Cheese Marketing Nordics<br \/>Malmb\u00e5gen 13 A, 00700 Helsingfors<br \/>FO.nummer 2501559-1<\/p>\n<p><strong>2. R\u00e4tt att delta:<\/strong><br \/>T\u00e4vlingen \u00e4r \u00f6ppen f\u00f6r fysiska personer som har n\u00e5tt minst 18 \u00e5rs \u00e5lder och \u00e4r bosatta i Finland, Sverige, Norge och Danmark. T\u00e4vlingsarrang\u00f6rens personal och personer som deltagit i skapandet av kampanjen samt deras familjemedlemmar kan dock inte delta i t\u00e4vlingen.<\/p>\n<p><strong>3. T\u00e4vlingstid:<\/strong><br \/>T\u00e4vlingstiden b\u00f6rjar den f\u00f6rsta september 2021 och upph\u00f6r den 30 june 2022. Arrang\u00f6ren ansvarar inte f\u00f6r hinder f\u00f6r deltagande i t\u00e4vlingen, som orakats av IT-problem.<\/p>\n<p><strong>4. T\u00e4vlingsdeltagande:<\/strong><br \/>Du kan delta i t\u00e4vlingen p\u00e5 n\u00e4tet p\u00e5 adressen www.gruyerestories.fi och www.gruyerestories.se genom att fylla i dina kontaktuppgifter (namn och e-postadress) i t\u00e4vlingsformul\u00e4ret. T\u00e4vlingen \u00e4r inte sponsorerad, rekommenderad eller administrerad av Facebook. Deltagaren l\u00e4mnar sina kontaktuppgifter f\u00f6r anv\u00e4ndning i Arrang\u00f6rens t\u00e4vlingar, inte \u00e5t Facebook.<\/p>\n<p><strong>5. Vinster:<\/strong><br \/>Som t\u00e4vlingsvinst lottas Riedel vinglas till ett v\u00e4rde av 500\u20ac bland alla deltagare. Vinsten kan inte bytas ut, \u00f6verf\u00f6ras till en annan person eller l\u00f6sas in mot kontanter.<\/p>\n<p><strong>6. Meddelande till vinnaren och mottagande av vinsten:<\/strong><br \/>Vinnaren kontaktas av Arrang\u00f6ren p\u00e5 den e-postadress som hen har meddelat. Ifall meddelande om vinsten eller vinsten returneras till Arrang\u00f6ren p\u00e5 grund av felaktiga kontaktuppgifter eller annat leveranshinder, eller om det uppdagas att t\u00e4vlingsvinnaren har handlat i strid med dessa regler eller i \u00f6vrigt lagstridigt eller om vinnaren inte n\u00e5s inom tv\u00e5 veckor efter dragningen, lottas en ny vinnare ut. Arrang\u00f6ren har r\u00e4tt att fr\u00e5n t\u00e4vlingen utesluta deltagare som f\u00f6rs\u00f6ker missbruka t\u00e4vlingen f\u00f6r att \u00e4ndra lotteriets resultat eller odds.<\/p>\n<p><strong>7. Arrang\u00f6rens ansvar:<\/strong><br \/>Vinnaren fritar Arrang\u00f6ren fr\u00e5n allt ansvar och kostnader som kan uppst\u00e5 vid deltagandet i t\u00e4vlingen eller mottagandet eller anv\u00e4ndningen av vinsten. Denna ansvarsfrihet f\u00f6rsvagar dock inte konsumentens r\u00e4ttigheter som f\u00f6ljer av konsumentskyddslagen. Arrang\u00f6rens ansvar gentemot deltagarna \u00e4r begr\u00e4nsat till m\u00e4ngden av och v\u00e4rdet p\u00e5 den vinst som \u00e4r f\u00f6rem\u00e5l f\u00f6r t\u00e4vlingen. Vinnaren ansvarar f\u00f6r alla \u00f6vriga m\u00f6jliga kostnader i samband med att godk\u00e4nna och motta vinsten. Vinsten kan inte l\u00f6sas in mot kontanter eller bytas ut mot en annan produkt. Genom att delta i t\u00e4vlingen f\u00f6rbinder sig deltagaren att iaktta dessa t\u00e4vlingsregler och Arrang\u00f6rens beslut. Arrang\u00f6ren f\u00f6rbeh\u00e5ller sig r\u00e4tten att \u00e4ndra reglerna genom att meddela om detta p\u00e5 t\u00e4vlingens webbplats.<\/p>\n<p><strong>8. Behandling och anv\u00e4ndning av personuppgifter i direktmarknadsf\u00f6ring:<\/strong><br \/>E-postadressen som tillhandah\u00e5lls av varje deltagare kommer endast att anv\u00e4ndas f\u00f6r att n\u00e5 vinnaren, n\u00e4r deltagaren f\u00f6rbjuder direktmarknadsf\u00f6ring. Arrang\u00f6ren har r\u00e4tt att publicera vinnarens f\u00f6rnamn, efternamn och ort p\u00e5 t\u00e4vlingsarrang\u00f6rens Facebook-sida och webbplats.<\/p>\n<p><strong>9. Immateriella r\u00e4ttigheter:<\/strong><br \/>Arrang\u00f6ren kan anv\u00e4nda t\u00e4vlingssvarens inneh\u00e5ll i sin marknadsf\u00f6ring och redigera det.<\/p>\n<p>[\/et_pb_toggle][\/et_pb_column][\/et_pb_row][\/et_pb_section][et_pb_section fb_built=&#8221;1&#8243; fullwidth=&#8221;on&#8221; admin_label=&#8221;Section&#8221; module_id=&#8221;storyslider&#8221; _builder_version=&#8221;4.9.7&#8243; _module_preset=&#8221;default&#8221; da_popup_slug=&#8221;storyslider&#8221; da_disable_devices=&#8221;off|off|off&#8221; global_colors_info=&#8221;{}&#8221; da_is_popup=&#8221;off&#8221; da_exit_intent=&#8221;off&#8221; da_has_close=&#8221;on&#8221; da_alt_close=&#8221;off&#8221; da_dark_close=&#8221;off&#8221; da_not_modal=&#8221;on&#8221; da_is_singular=&#8221;off&#8221; da_with_loader=&#8221;off&#8221; da_has_shadow=&#8221;on&#8221;][et_pb_fullwidth_slider show_pagination=&#8221;off&#8221; _builder_version=&#8221;4.10.5&#8243; _module_preset=&#8221;default&#8221; auto=&#8221;on&#8221; auto_speed=&#8221;6000&#8243; auto_ignore_hover=&#8221;on&#8221; global_colors_info=&#8221;{}&#8221;][et_pb_slide heading=&#8221;HISTORIEN OM LE GRUY\u00c8RE I BILDER&#8221; _builder_version=&#8221;4.10.5&#8243; _module_preset=&#8221;default&#8221; background_color=&#8221;#343434&#8243; background_enable_color=&#8221;on&#8221; background_image=&#8221;https:\/\/gruyerestories.com\/archive\/wp-content\/uploads\/2021\/06\/slide1.jpg&#8221; background_enable_image=&#8221;on&#8221; text_orientation=&#8221;left&#8221; global_colors_info=&#8221;{}&#8221; sticky_transition=&#8221;on&#8221;]Den unika staden Gruy\u00e8res och dess n\u00e4rmaste omgivningar i kantonen Fribourg \u00e4r den vackra hemorten f\u00f6r osten Le Gruy\u00e8re AOP.[\/et_pb_slide][et_pb_slide heading=&#8221;HISTORIEN OM LE GRUY\u00c8RE I BILDER&#8221; _builder_version=&#8221;4.10.5&#8243; _module_preset=&#8221;default&#8221; background_color=&#8221;#343434&#8243; background_enable_color=&#8221;on&#8221; background_image=&#8221;https:\/\/gruyerestories.com\/archive\/wp-content\/uploads\/2021\/06\/slide3.jpg&#8221; background_enable_image=&#8221;on&#8221; text_orientation=&#8221;left&#8221; global_colors_info=&#8221;{}&#8221; sticky_transition=&#8221;on&#8221;]Den unika staden Gruy\u00e8res och dess n\u00e4rmaste omgivningar i kantonen Fribourg \u00e4r den vackra hemorten f\u00f6r osten Le Gruy\u00e8re AOP.[\/et_pb_slide][et_pb_slide heading=&#8221;HISTORIEN OM LE GRUY\u00c8RE I BILDER&#8221; _builder_version=&#8221;4.10.5&#8243; _module_preset=&#8221;default&#8221; background_color=&#8221;#343434&#8243; background_enable_color=&#8221;on&#8221; background_image=&#8221;https:\/\/gruyerestories.com\/archive\/wp-content\/uploads\/2021\/06\/slide2.jpg&#8221; background_enable_image=&#8221;on&#8221; text_orientation=&#8221;left&#8221; global_colors_info=&#8221;{}&#8221; sticky_transition=&#8221;on&#8221;]Den unika staden Gruy\u00e8res och dess n\u00e4rmaste omgivningar i kantonen Fribourg \u00e4r den vackra hemorten f\u00f6r osten Le Gruy\u00e8re AOP.[\/et_pb_slide][et_pb_slide heading=&#8221;HISTORIEN OM LE GRUY\u00c8RE I BILDER&#8221; _builder_version=&#8221;4.10.5&#8243; _module_preset=&#8221;default&#8221; background_color=&#8221;#343434&#8243; background_enable_color=&#8221;on&#8221; background_image=&#8221;https:\/\/gruyerestories.com\/archive\/wp-content\/uploads\/2021\/06\/slide4.jpg&#8221; background_enable_image=&#8221;on&#8221; text_orientation=&#8221;left&#8221; global_colors_info=&#8221;{}&#8221; sticky_transition=&#8221;on&#8221;]Den unika staden Gruy\u00e8res och dess n\u00e4rmaste omgivningar i kantonen Fribourg \u00e4r den vackra hemorten f\u00f6r osten Le Gruy\u00e8re AOP.[\/et_pb_slide][\/et_pb_fullwidth_slider][\/et_pb_section][et_pb_section fb_built=&#8221;1&#8243; disabled_on=&#8221;off|off|off&#8221; admin_label=&#8221;Section&#8221; module_id=&#8221;petter&#8221; _builder_version=&#8221;4.10.5&#8243; background_enable_color=&#8221;off&#8221; background_image=&#8221;https:\/\/gruyerestories.com\/archive\/wp-content\/uploads\/2021\/09\/paper-bg.jpg&#8221; custom_padding=&#8221;6rem||4rem||false|false&#8221; da_popup_slug=&#8221;petter&#8221; da_disable_devices=&#8221;off|off|off&#8221; global_colors_info=&#8221;{}&#8221; da_is_popup=&#8221;off&#8221; da_exit_intent=&#8221;off&#8221; da_has_close=&#8221;on&#8221; da_alt_close=&#8221;off&#8221; da_dark_close=&#8221;off&#8221; da_not_modal=&#8221;on&#8221; da_is_singular=&#8221;off&#8221; da_with_loader=&#8221;off&#8221; da_has_shadow=&#8221;on&#8221;][et_pb_row column_structure=&#8221;1_2,1_2&#8243; use_custom_gutter=&#8221;on&#8221; disabled_on=&#8221;off|off|off&#8221; module_class=&#8221;custom_row&#8221; _builder_version=&#8221;4.10.5&#8243; max_width=&#8221;100vw&#8221; custom_margin=&#8221;0px|auto||auto|false|false&#8221; custom_margin_tablet=&#8221;0px||||false|false&#8221; custom_margin_phone=&#8221;&#8221; custom_margin_last_edited=&#8221;on|tablet&#8221; custom_padding=&#8221;2rem||3rem||false|false&#8221; saved_tabs=&#8221;all&#8221; global_colors_info=&#8221;{}&#8221;][et_pb_column type=&#8221;1_2&#8243; module_class=&#8221;second-on-mobile&#8221; _builder_version=&#8221;4.10.5&#8243; global_colors_info=&#8221;{}&#8221;][et_pb_text _builder_version=&#8221;4.10.5&#8243; text_text_color=&#8221;#034493&#8243; text_font_size=&#8221;1.4rem&#8221; text_line_height=&#8221;1.4em&#8221; header_font_size=&#8221;2rem&#8221; header_2_text_color=&#8221;#034493&#8243; header_2_font_size=&#8221;3.7rem&#8221; header_4_text_color=&#8221;#034493&#8243; header_4_font_size=&#8221;1.2rem&#8221; custom_margin=&#8221;-27px||||false|false&#8221; custom_margin_tablet=&#8221;&#8221; custom_margin_phone=&#8221;&#8221; custom_margin_last_edited=&#8221;on|desktop&#8221; header_2_font_size_tablet=&#8221;&#8221; header_2_font_size_phone=&#8221;20px&#8221; header_2_font_size_last_edited=&#8221;on|phone&#8221; header_4_font_size_tablet=&#8221;17px&#8221; header_4_font_size_phone=&#8221;&#8221; header_4_font_size_last_edited=&#8221;on|phone&#8221; global_colors_info=&#8221;{}&#8221;]<\/p>\n<h4>Bakom kulisserna med Petter<\/h4>\n<h2 style=\"margin-bottom: 0; margin-top: 0.7rem;\">Matfotografering<br \/>\np\u00e5 resande fot<\/h2>\n<p>Den Stockholmsbaserade matinfluencern, fotografen och journalisten Petter B\u00e4cklund bes\u00f6kte Schweiz f\u00f6r att fotografera tillverkningen av Le Gruy\u00e8re AOP-osten, mj\u00f6lkproducenterna och matr\u00e4tterna. L\u00e4s Petters ber\u00e4ttelser om matfotografering i Schweiz.[\/et_pb_text][et_pb_button button_url=&#8221;https:\/\/www.youtube.com\/watch?v=JCsHfj-xOIA&#8221; url_new_window=&#8221;on&#8221; button_text=&#8221;Se videon!&#8221; module_class=&#8221;wplightbox&#8221; _builder_version=&#8221;4.10.5&#8243; custom_margin=&#8221;20px||||false|false&#8221; global_colors_info=&#8221;{}&#8221;][\/et_pb_button][\/et_pb_column][et_pb_column type=&#8221;1_2&#8243; module_class=&#8221;first-on-mobile&#8221; _builder_version=&#8221;4.10.5&#8243; background_enable_image=&#8221;off&#8221; background_size=&#8221;contain&#8221; background_position=&#8221;center_right&#8221; custom_padding_tablet=&#8221;30px||30px||false|false&#8221; custom_padding_phone=&#8221;&#8221; custom_padding_last_edited=&#8221;on|tablet&#8221; global_colors_info=&#8221;{}&#8221;][et_pb_image src=&#8221;https:\/\/gruyerestories.com\/archive\/wp-content\/uploads\/2020\/04\/behind-the-scenes.jpg&#8221; url=&#8221;https:\/\/www.youtube.com\/watch?v=JCsHfj-xOIA&#8221; url_new_window=&#8221;on&#8221; force_fullwidth=&#8221;on&#8221; module_id=&#8221;playvideo&#8221; module_class=&#8221;wplightbox&#8221; _builder_version=&#8221;4.10.5&#8243; animation_direction=&#8221;bottom&#8221; global_colors_info=&#8221;{}&#8221;][\/et_pb_image][\/et_pb_column][\/et_pb_row][et_pb_row column_structure=&#8221;1_4,1_4,1_4,1_4&#8243; use_custom_gutter=&#8221;on&#8221; gutter_width=&#8221;2&#8243; module_id=&#8221;episodes&#8221; _builder_version=&#8221;4.4.4&#8243; max_width=&#8221;100vw&#8221; custom_margin=&#8221;3rem|auto||auto|false|false&#8221; custom_padding=&#8221;0px|||||&#8221; global_module=&#8221;1306&#8243; saved_tabs=&#8221;all&#8221; global_colors_info=&#8221;{}&#8221;][et_pb_column type=&#8221;1_4&#8243; _builder_version=&#8221;4.4.4&#8243; global_colors_info=&#8221;{}&#8221;][et_pb_blurb title=&#8221;Ostresan f\u00e5r sin b\u00f6rjan i Bern&#8221; image=&#8221;https:\/\/gruyerestories.com\/archive\/wp-content\/uploads\/2020\/04\/behind-the-scenes-300&#215;207.jpg&#8221; _builder_version=&#8221;4.10.5&#8243; text_orientation=&#8221;center&#8221; animation=&#8221;off&#8221; link_option_url=&#8221;\/ostresan-far-sin-borjan-i-bern\/&#8221; global_colors_info=&#8221;{}&#8221;]<\/p>\n<p>#1<\/p>\n<p>[\/et_pb_blurb][\/et_pb_column][et_pb_column type=&#8221;1_4&#8243; _builder_version=&#8221;4.4.4&#8243; global_colors_info=&#8221;{}&#8221;][et_pb_blurb title=&#8221;Den lyckade matfotograferingens anatomi&#8221; image=&#8221;https:\/\/gruyerestories.com\/archive\/wp-content\/uploads\/2020\/04\/petter-episode2-300&#215;207.jpg&#8221; _builder_version=&#8221;4.10.5&#8243; text_orientation=&#8221;center&#8221; animation=&#8221;off&#8221; link_option_url=&#8221;\/den-lyckade-matfotograferingens-anatomi\/&#8221; global_colors_info=&#8221;{}&#8221;]<\/p>\n<p>#2<\/p>\n<p>[\/et_pb_blurb][\/et_pb_column][et_pb_column type=&#8221;1_4&#8243; _builder_version=&#8221;4.4.4&#8243; global_colors_info=&#8221;{}&#8221;][et_pb_blurb title=&#8221; Kamerautrustningen p\u00e5 resan&#8221; image=&#8221;https:\/\/gruyerestories.com\/archive\/wp-content\/uploads\/2020\/04\/petter-episode3-300&#215;207.jpg&#8221; _builder_version=&#8221;4.10.5&#8243; text_orientation=&#8221;center&#8221; animation=&#8221;off&#8221; link_option_url=&#8221;\/kamerautrustningen-pa-resan\/&#8221; global_colors_info=&#8221;{}&#8221;]<\/p>\n<p>#3<\/p>\n<p>[\/et_pb_blurb][\/et_pb_column][et_pb_column type=&#8221;1_4&#8243; _builder_version=&#8221;4.4.4&#8243; global_colors_info=&#8221;{}&#8221;][et_pb_blurb title=&#8221;Berg och mogningsprocesser i k\u00e4llare&#8221; image=&#8221;https:\/\/gruyerestories.com\/archive\/wp-content\/uploads\/2020\/04\/petter-episode4-300&#215;207.jpg&#8221; _builder_version=&#8221;4.10.5&#8243; text_orientation=&#8221;center&#8221; animation=&#8221;off&#8221; link_option_url=&#8221;\/berg-och-mogningsprocesser-i-kallare\/&#8221; global_colors_info=&#8221;{}&#8221;]<\/p>\n<p>#4<\/p>\n<p>[\/et_pb_blurb][\/et_pb_column][\/et_pb_row][\/et_pb_section]<\/p>\n","protected":false},"excerpt":{"rendered":"<p>THE Stories of Le Gruy\u00e8re AOPBer\u00e4tta din egen Le Gruy\u00e8re AOP -historia och vinn! Som pris utlottas Riedel vinglas (12 stycke). Ber\u00e4tta om hur du l\u00e4rt k\u00e4nna Le Gruy\u00e8re AOP -osten, vilket ditt favoritrecept som inneh\u00e5ller osten \u00e4r eller var du vanligtvis k\u00f6per den. Du kan vinna Riedel vinglas till ett v\u00e4rde av 500\u20ac. Du [&hellip;]<\/p>\n","protected":false},"author":1,"featured_media":0,"parent":0,"menu_order":0,"comment_status":"closed","ping_status":"closed","template":"","meta":{"_et_pb_use_builder":"on","_et_pb_old_content":"[et_pb_section fb_built=\"1\" admin_label=\"Section\" module_id=\"mainhero\" _builder_version=\"4.4.2\" background_video_mp4=\"https:\/\/gruyerestories.com\/archive\/wp-content\/uploads\/2020\/04\/JUUSTO_1080P.mp4\" custom_css_main_element=\"min-height:100vh;||display:flex;\" da_popup_slug=\"mainhero\" da_disable_devices=\"off|off|off\" global_colors_info=\"{}\" da_is_popup=\"off\" da_exit_intent=\"off\" da_has_close=\"on\" da_alt_close=\"off\" da_dark_close=\"off\" da_not_modal=\"on\" da_is_singular=\"off\" da_with_loader=\"off\" da_has_shadow=\"on\"][et_pb_row _builder_version=\"4.9.7\" max_width=\"80vw\" global_colors_info=\"{}\"][et_pb_column type=\"4_4\" _builder_version=\"4.4.2\" global_colors_info=\"{}\"][et_pb_text _builder_version=\"4.10.5\" _module_preset=\"default\" header_text_align=\"center\" header_text_color=\"#FFFFFF\" header_font_size=\"5rem\" animation_style=\"fade\" global_colors_info=\"{}\"]\n<h1>THE Stories of\nLe Gruy\u00e8re AOP<\/h1>\n[\/et_pb_text][et_pb_button button_url=\"#tutustu-tarinoihin\" button_text=\"Lue lis\u00e4\u00e4\" button_alignment=\"center\" _builder_version=\"4.10.5\" _module_preset=\"default\" animation_style=\"slide\" animation_direction=\"bottom\" animation_delay=\"200ms\" global_colors_info=\"{}\"][\/et_pb_button][\/et_pb_column][\/et_pb_row][\/et_pb_section][et_pb_section fb_built=\"1\" admin_label=\"Section\" module_id=\"tutustu-tarinoihin\" _builder_version=\"4.10.5\" background_image=\"https:\/\/gruyerestories.com\/archive\/wp-content\/uploads\/2021\/09\/paper-bg.jpg\" custom_padding=\"6rem||3rem||false|false\" da_popup_slug=\"tutustu-tarinoihin\" da_disable_devices=\"off|off|off\" global_colors_info=\"{}\" da_is_popup=\"off\" da_exit_intent=\"off\" da_has_close=\"on\" da_alt_close=\"off\" da_dark_close=\"off\" da_not_modal=\"on\" da_is_singular=\"off\" da_with_loader=\"off\" da_has_shadow=\"on\"][et_pb_row column_structure=\"1_2,1_2\" module_id=\"competition\" _builder_version=\"4.10.5\" _module_preset=\"default\" max_width=\"100vw\" custom_padding=\"0px||4rem||false|false\" global_colors_info=\"{}\"][et_pb_column type=\"1_2\" _builder_version=\"4.10.5\" _module_preset=\"default\" global_colors_info=\"{}\"][et_pb_image src=\"https:\/\/gruyerestories.com\/archive\/wp-content\/uploads\/2021\/09\/riedelarvonta.jpg\" title_text=\"riedelarvonta\" align=\"right\" _builder_version=\"4.10.5\" _module_preset=\"default\" global_colors_info=\"{}\"][\/et_pb_image][\/et_pb_column][et_pb_column type=\"1_2\" _builder_version=\"4.10.5\" _module_preset=\"default\" global_colors_info=\"{}\"][et_pb_text _builder_version=\"4.10.5\" _module_preset=\"default\" text_text_color=\"#034493\" text_font_size=\"1.1rem\" text_line_height=\"1.4em\" header_text_color=\"#034493\" header_font_size=\"2.2rem\" header_2_text_color=\"#034493\" header_2_font_size=\"2.7rem\" header_4_text_color=\"#034493\" header_4_font_size=\"1.2rem\" custom_margin_tablet=\"\" custom_margin_phone=\"\" custom_margin_last_edited=\"on|desktop\" header_2_font_size_tablet=\"\" header_2_font_size_phone=\"20px\" header_2_font_size_last_edited=\"on|phone\" header_4_font_size_tablet=\"17px\" header_4_font_size_phone=\"\" header_4_font_size_last_edited=\"on|phone\" global_colors_info=\"{}\"]\n<h2>Kerro oma Le Gruy\u00e8re AOP\n-tarinasi ja voita!<\/h2>\n<p style=\"font-size: 1.6rem; line-height: 1;\">Palkintona upea Riedel viinilasisarja (12 kpl).<\/p>\nKerro kuinka tutustuit <a href=\"https:\/\/www.cheesesfromswitzerland.com\/fi-FI\/schweizer-kaesesorten\/sortiment\/le-gruyere-aop\" target=\"_blank\" rel=\"noopener\" title=\"Le Gruy\u00e8re AOP\">Le Gruy\u00e8re AOP<\/a> -juustoon, mik\u00e4 on sit\u00e4 k\u00e4ytt\u00e4en lempireseptisi tai mist\u00e4 sit\u00e4 yleens\u00e4 ostat. Voit Riedel viinilaseja (12 kpl, arvo jopa 500\u20ac).\n\nVoit osallistua lomakkeella ja lis\u00e4t\u00e4 my\u00f6s oman tarinasi Instagramiin aihetunnisteella <a href=\"https:\/\/www.instagram.com\/explore\/tags\/gruyerestories\" target=\"_blank\" rel=\"noopener\" title=\"#gruyerestories\">#gruyerestories<\/a> ja julkaisusi p\u00e4\u00e4see esille t\u00e4ll\u00e4 sivulla ja jaamme parhaat jutut my\u00f6s omalla tilill\u00e4mme <a href=\"https:\/\/www.instagram.com\/weloveswisscheese\/\" target=\"_blank\" rel=\"noopener\" title=\"@weloveswisscheese\">@weloveswisscheese<\/a>\n\n[\/et_pb_text][et_pb_button button_url=\"#osallistu-kilpailuun-lomake\" button_text=\"Osallistu kilpailuun!\" _builder_version=\"4.10.5\" _module_preset=\"default\" global_colors_info=\"{}\"][\/et_pb_button][\/et_pb_column][\/et_pb_row][et_pb_row column_structure=\"1_2,1_2\" use_custom_gutter=\"on\" _builder_version=\"4.10.5\" max_width=\"100vw\" custom_margin=\"-4px|auto||auto||\" custom_margin_tablet=\"0px||||false|false\" custom_margin_phone=\"\" custom_margin_last_edited=\"on|tablet\" custom_padding=\"40px||18px||false|false\" saved_tabs=\"all\" global_colors_info=\"{}\"][et_pb_column type=\"1_2\" _builder_version=\"4.4.4\" global_colors_info=\"{}\"][et_pb_text _builder_version=\"4.10.5\" text_text_color=\"#034493\" text_font_size=\"1.4rem\" text_line_height=\"1.4em\" header_text_color=\"#034493\" header_font_size=\"2rem\" header_2_text_color=\"#034493\" header_2_font_size=\"4rem\" header_4_text_color=\"#034493\" header_4_font_size=\"1.2rem\" custom_margin=\"-27px||||false|false\" custom_margin_tablet=\"\" custom_margin_phone=\"\" custom_margin_last_edited=\"on|desktop\" header_2_font_size_tablet=\"\" header_2_font_size_phone=\"20px\" header_2_font_size_last_edited=\"on|phone\" header_4_font_size_tablet=\"17px\" header_4_font_size_phone=\"\" header_4_font_size_last_edited=\"on|phone\" global_colors_info=\"{}\"]\n<h4>Matka juustomaahan | Systrarna Eisenman<\/h4>\n<h2 style=\"margin-bottom: 0rem; margin-top: 0.6rem;\">Le Gruy\u00e8re AOP:n\nvalmistus<\/h2>\n<img src=\"https:\/\/gruyerestories.com\/archive\/wp-content\/uploads\/2020\/04\/cheese-228x300.png\" width=\"228\" height=\"300\" alt=\"\" class=\"wp-image-89 alignnone size-medium\" style=\"float: right;\">Vuoden 2019 ruokabloggaajat Ruotsissa tutustuvat Le Gruy\u00e8re AOP -juuston tuotantoon M\u00e9zi\u00e8res juustolassa ja tapaavat juustomestari Nicolasin ja joka aamu sek\u00e4 iltap\u00e4iv\u00e4 l\u00e4hijuustolalle tuoreen maidon toimittavat tuottajat. [\/et_pb_text][et_pb_button button_url=\"https:\/\/www.youtube.com\/watch?v=3MGs5Dd5Gmw\" url_new_window=\"on\" button_text=\"Katso video\" module_class=\"wplightbox\" _builder_version=\"4.10.5\" custom_margin=\"20px||||false|false\" global_colors_info=\"{}\"][\/et_pb_button][\/et_pb_column][et_pb_column type=\"1_2\" _builder_version=\"4.9.7\" background_enable_image=\"off\" background_size=\"contain\" background_position=\"center_right\" custom_padding=\"||||true|true\" custom_padding_tablet=\"\" custom_padding_phone=\"|0px||0px|true|true\" custom_padding_last_edited=\"on|tablet\" global_colors_info=\"{}\"][et_pb_image src=\"https:\/\/gruyerestories.com\/archive\/wp-content\/uploads\/2020\/04\/videobg1.jpg\" url=\"https:\/\/www.youtube.com\/watch?v=3MGs5Dd5Gmw\" url_new_window=\"on\" align=\"right\" force_fullwidth=\"on\" module_id=\"playvideo\" module_class=\"wplightbox\" _builder_version=\"4.10.5\" animation_direction=\"bottom\" global_colors_info=\"{}\"][\/et_pb_image][\/et_pb_column][\/et_pb_row][et_pb_row column_structure=\"1_5,1_5,1_5,1_5,1_5\" use_custom_gutter=\"on\" gutter_width=\"2\" module_id=\"episodes\" _builder_version=\"4.9.7\" max_width=\"100vw\" custom_margin=\"3rem|auto||auto|false|false\" custom_padding=\"0px|||||\" global_module=\"1149\" saved_tabs=\"all\" global_colors_info=\"{}\"][et_pb_column type=\"1_5\" _builder_version=\"4.4.4\" global_colors_info=\"{}\"][et_pb_blurb title=\" Tuottajavierailu M\u00e9zi\u00e8res juustolassa\" image=\"https:\/\/gruyerestories.com\/archive\/wp-content\/uploads\/2020\/04\/videobg1-300x207.jpg\" content_max_width=\"1100px\" _builder_version=\"4.10.5\" text_orientation=\"center\" animation=\"off\" link_option_url=\"\/tuottajavierailu-mezieres-juustolassa\/\" global_colors_info=\"{}\"]\n\n#1\n\n[\/et_pb_blurb][\/et_pb_column][et_pb_column type=\"1_5\" _builder_version=\"4.4.4\" global_colors_info=\"{}\"][et_pb_blurb title=\"Piknik Gruy\u00e8resin kyl\u00e4ss\u00e4\" image=\"https:\/\/gruyerestories.com\/archive\/wp-content\/uploads\/2020\/04\/episode2-300x207.jpg\" _builder_version=\"4.10.5\" text_orientation=\"center\" animation=\"off\" link_option_url=\"\/piknik-gruyeresin-kylassa\/\" global_colors_info=\"{}\"]\n\n#2\n\n[\/et_pb_blurb][\/et_pb_column][et_pb_column type=\"1_5\" _builder_version=\"4.4.4\" global_colors_info=\"{}\"][et_pb_blurb title=\"Vierailu Le Gruy\u00e8re AOP Alpage -tuottajan luona vuorilla\" image=\"https:\/\/gruyerestories.com\/archive\/wp-content\/uploads\/2020\/04\/episode3-300x207.jpg\" _builder_version=\"4.10.5\" text_orientation=\"center\" animation=\"off\" link_option_url=\"vierailu-le-gruyere-aop-alpage-tuottajan-luona-vuorilla\/\" global_colors_info=\"{}\"]\n\n#3\n\n[\/et_pb_blurb][\/et_pb_column][et_pb_column type=\"1_5\" _builder_version=\"4.4.4\" global_colors_info=\"{}\"][et_pb_blurb title=\"N\u00e4in tehd\u00e4\u00e4n Malakhof\" image=\"https:\/\/gruyerestories.com\/archive\/wp-content\/uploads\/2020\/04\/episode4-300x207.jpg\" _builder_version=\"4.10.5\" text_orientation=\"center\" animation=\"off\" link_option_url=\"\/nain-tehdaan-malakhof\/\" global_colors_info=\"{}\"]\n\n#4\n\n[\/et_pb_blurb][\/et_pb_column][et_pb_column type=\"1_5\" _builder_version=\"4.4.4\" global_colors_info=\"{}\"][et_pb_blurb title=\"Mik\u00e4 matkasta j\u00e4i mieleen?\" image=\"https:\/\/gruyerestories.com\/archive\/wp-content\/uploads\/2020\/04\/episode5-300x207.jpg\" _builder_version=\"4.10.5\" text_orientation=\"center\" animation=\"off\" link_option_url=\"\/mika-matkasta-jai-mieleen\/\" global_colors_info=\"{}\"]\n\n#5\n\n[\/et_pb_blurb][\/et_pb_column][\/et_pb_row][\/et_pb_section][et_pb_section fb_built=\"1\" admin_label=\"Popup - #osallistu-kilpailuun-lomake\" module_id=\"osallistu-kilpailuun-lomake\" module_class=\"popup close-alt\" _builder_version=\"4.4.4\" background_color=\"#f6f6f6f6\" max_width=\"32%\" max_width_tablet=\"78%\" max_width_phone=\"90%\" max_width_last_edited=\"on|phone\" custom_padding=\"35px||33px|||\" animation_style=\"slide\" animation_direction=\"top\" da_is_popup=\"on\" da_popup_slug=\"osallistu-kilpailuun-lomake\" da_alt_close=\"on\" da_disable_devices=\"off|off|off\" global_colors_info=\"{}\" da_exit_intent=\"off\" da_has_close=\"on\" da_dark_close=\"off\" da_not_modal=\"on\" da_is_singular=\"off\" da_with_loader=\"off\" da_has_shadow=\"on\"][et_pb_row _builder_version=\"4.4.4\" width=\"85%\" custom_padding=\"14px|||||\" global_colors_info=\"{}\"][et_pb_column type=\"4_4\" _builder_version=\"4.4.2\" global_colors_info=\"{}\"][et_pb_text _builder_version=\"4.10.5\" custom_margin=\"||25px|||\" global_colors_info=\"{}\"]\n<h3>Kerro oma Le Gruy\u00e8re AOP -tarinasi ja voita!<\/h3>\n[\/et_pb_text][et_pb_code _builder_version=\"4.10.5\" global_colors_info=\"{}\"][gravityform id=\"2\" title=\"false\" description=\"false\" ajax=\"true\" tabindex=\"49\"][\/et_pb_code][et_pb_toggle title=\"Kilpailun s\u00e4\u00e4nn\u00f6t\" icon_color=\"#004992\" _builder_version=\"4.10.5\" body_font_size=\"13px\" body_line_height=\"1.5em\" custom_margin=\"41px|||||\" border_width_all=\"0px\" box_shadow_style=\"preset6\" box_shadow_color=\"rgba(0,0,0,0.12)\" global_colors_info=\"{}\"]<strong>1. J\u00e4rjest\u00e4j\u00e4:<\/strong>\nSwitzerland Cheese Marketing Nordics\nMalminkaari 13 A, 00700 Helsinki\ny-tunnus 2501559-1\n\n<strong>2. Osallistumiskelpoisuus:<\/strong>\nKilpailuun saavat osallistua v\u00e4hint\u00e4\u00e4n 18 vuotta t\u00e4ytt\u00e4neet Suomessa, Ruotsissa, Norjassa ja Tanskassa asuvat luonnolliset henkil\u00f6t. J\u00e4rjest\u00e4j\u00e4n ty\u00f6ntekij\u00e4t ja kampanjan tekemiseen osallistuneet ja heid\u00e4n perheenj\u00e4senens\u00e4 eiv\u00e4t kuitenkaan voi osallistua kilpailuun.\n\n<strong>3. Osallistumisaika:<\/strong>\nOsallistumisaika alkaa 1.9.2021 ja p\u00e4\u00e4ttyy 30.3.2022. J\u00e4rjest\u00e4j\u00e4 ei vastaa tietoteknisist\u00e4 syist\u00e4 johtuvista esteist\u00e4 kilpailuun osallistumisessa.\n\n<strong>4. Kilpailuihin osallistuminen:<\/strong>\nKilpailuun voi osallistua internetiss\u00e4 osoitteessa www.gruyerestories.f ja www.gruyerestories.se t\u00e4ytt\u00e4m\u00e4ll\u00e4 kilpailulomakkeelle yhteystietonsa (nimi ja s\u00e4hk\u00f6postiosoite). Kilpailu ei ole Facebookin sponsoroima, suosittelema eik\u00e4 hallinnoima. Osallistuja antaa yhteystietonsa J\u00e4rjest\u00e4j\u00e4n kilpailujen k\u00e4ytt\u00f6\u00f6n, ei Facebookille.\n\n<strong>5. Palkinnot:<\/strong>\nKilpailun palkintona arvotaan kaikkien osallistuneiden kesken Riedel viinilasisetti jonka arvo on 500\u20ac. Palkintoa ei voi vaihtaa, siirt\u00e4\u00e4 toiselle henkil\u00f6lle tai muuttaa rahaksi.\n\n<strong>6. Voittajalle ilmoittaminen ja palkinnon vastaanottaminen:<\/strong>\nKilpailun j\u00e4rjest\u00e4j\u00e4 ottaa voittajaan yhteytt\u00e4 h\u00e4nen ilmoittamaansa s\u00e4hk\u00f6postiosoitteeseen. Mik\u00e4li yhteydenotto ei onnistu tai postitettu palkinto palautuu J\u00e4rjest\u00e4j\u00e4lle virheellisten yhteystietojen tai muun toimitusesteen vuoksi, tai tulee ilmi, ett\u00e4 kilpailun voittaja on menetellyt n\u00e4iden s\u00e4\u00e4nt\u00f6jen tai lain vastaisesti tai mik\u00e4li voittajaa ei tavoiteta kahden viikon kuluessa arvontap\u00e4iv\u00e4st\u00e4, arvotaan uusi voittaja. J\u00e4rjest\u00e4j\u00e4ll\u00e4 on oikeus poistaa kilpailusta sellaiset osallistujat, jotka pyrkiv\u00e4t v\u00e4\u00e4rink\u00e4ytt\u00e4m\u00e4\u00e4n kilpailua tulosten tai arpajaistodenn\u00e4k\u00f6isyyksien muuttamiseksi.\n\n<strong>7. J\u00e4rjest\u00e4j\u00e4n vastuu:<\/strong>\nPalkinnon voittaja vapauttaa J\u00e4rjest\u00e4j\u00e4n kaikesta vastuusta ja kustannuksista, jotka voivat aiheutua osallistumisesta kilpailuun tai palkinnon vastaanottamisesta tai sen k\u00e4ytt\u00e4misest\u00e4. T\u00e4m\u00e4 vastuuvapaus ei kuitenkaan heikenn\u00e4 kuluttajalle kuluttajansuojalain nojalla kuuluvia oikeuksia. J\u00e4rjest\u00e4j\u00e4n vastuu osanottajia kohtaan rajoittuu kilpailun kohteena olevan palkinnonm\u00e4\u00e4r\u00e4\u00e4n ja arvoon. Voittaja vastaa kaikista muista voiton hyv\u00e4ksymiseen tai sen toteuttamiseen liittyvist\u00e4 mahdollisista kustannuksista. Palkintoa ei voi vaihtaa rahaksi tai toiseksi tuotteeksi. Osallistumalla kilpailuun osallistuja sitoutuu noudattamaan n\u00e4it\u00e4 kilpailun s\u00e4\u00e4nt\u00f6j\u00e4 ja J\u00e4rjest\u00e4j\u00e4n p\u00e4\u00e4t\u00f6ksi\u00e4. J\u00e4rjest\u00e4j\u00e4 pid\u00e4tt\u00e4\u00e4 oikeuden s\u00e4\u00e4nt\u00f6muutoksiin ilmoittamalla niist\u00e4 kilpailun verkkosivulla.\n\n<strong>8. Henkil\u00f6tietojen k\u00e4sittely ja k\u00e4ytt\u00e4minen suoramarkkinoinnissa:<\/strong>\nKunkin kilpailuun osallistuneen antamaa s\u00e4hk\u00f6postiosoitetta k\u00e4ytet\u00e4\u00e4n ainoastaan voittajan tavoittamiseksi, mik\u00e4li osallistuja kielt\u00e4\u00e4 suoramarkkinoinnin l\u00e4hett\u00e4misen. J\u00e4rjest\u00e4j\u00e4ll\u00e4 on oikeus julkaista arvonnan voittajan etunimi, sukunimi ja paikkakunta kilpailun j\u00e4rjest\u00e4j\u00e4n Facebook- ja verkkosivulla.\n\n<strong>9. Immateriaalioikeudet:<\/strong>\nJ\u00e4rjest\u00e4j\u00e4 voi k\u00e4ytt\u00e4\u00e4 kilpailuvastausten sis\u00e4lt\u00f6\u00e4 markkinoinnissaan ja muokata niit\u00e4.[\/et_pb_toggle][\/et_pb_column][\/et_pb_row][\/et_pb_section][et_pb_section fb_built=\"1\" fullwidth=\"on\" admin_label=\"Section\" module_id=\"storyslider\" _builder_version=\"4.9.7\" _module_preset=\"default\" da_popup_slug=\"storyslider\" da_disable_devices=\"off|off|off\" global_colors_info=\"{}\" da_is_popup=\"off\" da_exit_intent=\"off\" da_has_close=\"on\" da_alt_close=\"off\" da_dark_close=\"off\" da_not_modal=\"on\" da_is_singular=\"off\" da_with_loader=\"off\" da_has_shadow=\"on\"][et_pb_fullwidth_slider show_pagination=\"off\" _builder_version=\"4.9.7\" _module_preset=\"default\" auto=\"on\" auto_speed=\"6000\" auto_ignore_hover=\"on\" global_colors_info=\"{}\"][et_pb_slide heading=\"THE STORIES OF LE GRUY\u00c8RE IN PICTURES\" _builder_version=\"4.9.7\" _module_preset=\"default\" background_color=\"#343434\" background_enable_color=\"on\" background_image=\"https:\/\/gruyerestories.com\/archive\/wp-content\/uploads\/2021\/06\/slide1.jpg\" background_enable_image=\"on\" text_orientation=\"left\" global_colors_info=\"{}\" sticky_transition=\"on\"]The unique town of Gruy\u00e8res and it\u2019s immediate surroundings in the canton of Fribourg is the beautiful home of Le Gruy\u00e8re AOP cheese.[\/et_pb_slide][et_pb_slide heading=\"THE STORIES OF LE GRUY\u00c8RE IN PICTURES\" _builder_version=\"4.9.7\" _module_preset=\"default\" background_color=\"#343434\" background_enable_color=\"on\" background_image=\"https:\/\/gruyerestories.com\/archive\/wp-content\/uploads\/2021\/06\/slide3.jpg\" background_enable_image=\"on\" text_orientation=\"left\" global_colors_info=\"{}\" sticky_transition=\"on\"]The unique town of Gruy\u00e8res and it\u2019s immediate surroundings in the canton of Fribourg is the beautiful home of Le Gruy\u00e8re AOP cheese.[\/et_pb_slide][et_pb_slide heading=\"THE STORIES OF LE GRUY\u00c8RE IN PICTURES\" _builder_version=\"4.9.7\" _module_preset=\"default\" background_color=\"#343434\" background_enable_color=\"on\" background_image=\"https:\/\/gruyerestories.com\/archive\/wp-content\/uploads\/2021\/06\/slide2.jpg\" background_enable_image=\"on\" text_orientation=\"left\" global_colors_info=\"{}\" sticky_transition=\"on\"]The unique town of Gruy\u00e8res and it\u2019s immediate surroundings in the canton of Fribourg is the beautiful home of Le Gruy\u00e8re AOP cheese.[\/et_pb_slide][et_pb_slide heading=\"THE STORIES OF LE GRUY\u00c8RE IN PICTURES\" _builder_version=\"4.9.7\" _module_preset=\"default\" background_color=\"#343434\" background_enable_color=\"on\" background_image=\"https:\/\/gruyerestories.com\/archive\/wp-content\/uploads\/2021\/06\/slide4.jpg\" background_enable_image=\"on\" text_orientation=\"left\" global_colors_info=\"{}\" sticky_transition=\"on\"]The unique town of Gruy\u00e8res and it\u2019s immediate surroundings in the canton of Fribourg is the beautiful home of Le Gruy\u00e8re AOP cheese.[\/et_pb_slide][\/et_pb_fullwidth_slider][\/et_pb_section][et_pb_section fb_built=\"1\" disabled_on=\"off|off|off\" admin_label=\"Section\" module_id=\"petter\" _builder_version=\"4.10.5\" background_enable_color=\"off\" background_image=\"https:\/\/gruyerestories.com\/archive\/wp-content\/uploads\/2021\/09\/paper-bg.jpg\" custom_padding=\"6rem||4rem||false|false\" da_popup_slug=\"petter\" da_disable_devices=\"off|off|off\" global_colors_info=\"{}\" da_is_popup=\"off\" da_exit_intent=\"off\" da_has_close=\"on\" da_alt_close=\"off\" da_dark_close=\"off\" da_not_modal=\"on\" da_is_singular=\"off\" da_with_loader=\"off\" da_has_shadow=\"on\"][et_pb_row column_structure=\"1_2,1_2\" use_custom_gutter=\"on\" disabled_on=\"off|off|off\" module_class=\"custom_row\" _builder_version=\"4.10.5\" max_width=\"100vw\" custom_margin=\"0px|auto||auto|false|false\" custom_margin_tablet=\"0px||||false|false\" custom_margin_phone=\"\" custom_margin_last_edited=\"on|tablet\" custom_padding=\"2rem||3rem||false|false\" saved_tabs=\"all\" global_colors_info=\"{}\"][et_pb_column type=\"1_2\" module_class=\"second-on-mobile\" _builder_version=\"4.10.5\" global_colors_info=\"{}\"][et_pb_text _builder_version=\"4.10.5\" text_text_color=\"#034493\" text_font_size=\"1.4rem\" text_line_height=\"1.4em\" header_font_size=\"2rem\" header_2_text_color=\"#034493\" header_2_font_size=\"3.7rem\" header_4_text_color=\"#034493\" header_4_font_size=\"1.2rem\" custom_margin=\"-27px||||false|false\" custom_margin_tablet=\"\" custom_margin_phone=\"\" custom_margin_last_edited=\"on|desktop\" header_2_font_size_tablet=\"\" header_2_font_size_phone=\"20px\" header_2_font_size_last_edited=\"on|phone\" header_4_font_size_tablet=\"17px\" header_4_font_size_phone=\"\" header_4_font_size_last_edited=\"on|phone\" global_colors_info=\"{}\"]\n<h4>Behind the scenes with Petter<\/h4>\n<h2 style=\"margin-bottom: 0; margin-top: 0.7rem;\">Ruokakuvaaminen\nmatkalla<\/h2>\nTukholmalainen ruokavaikuttaja, valokuvaaja ja toimittaja Petter B\u00e4cklund k\u00e4vi Sveitsiss\u00e4 kuvaamassa Le Gruy\u00e8re AOP -juuston valmistusta, tuottajia ja ruokia. Tutustu Petterin tarinoihin ruokakuvauksesta Sveitsiss\u00e4.[\/et_pb_text][et_pb_button button_url=\"https:\/\/www.youtube.com\/watch?v=FS-TK01VnwY\" url_new_window=\"on\" button_text=\"Katso video\" module_class=\"wplightbox\" _builder_version=\"4.10.5\" custom_margin=\"20px||||false|false\" global_colors_info=\"{}\"][\/et_pb_button][\/et_pb_column][et_pb_column type=\"1_2\" module_class=\"first-on-mobile\" _builder_version=\"4.10.5\" background_enable_image=\"off\" background_size=\"contain\" background_position=\"center_right\" custom_padding_tablet=\"30px||30px||false|false\" custom_padding_phone=\"\" custom_padding_last_edited=\"on|tablet\" global_colors_info=\"{}\"][et_pb_image src=\"https:\/\/gruyerestories.com\/archive\/wp-content\/uploads\/2020\/04\/behind-the-scenes.jpg\" url=\"https:\/\/www.youtube.com\/watch?v=FS-TK01VnwY\" url_new_window=\"on\" force_fullwidth=\"on\" module_id=\"playvideo\" module_class=\"wplightbox\" _builder_version=\"4.9.7\" animation_direction=\"bottom\" global_colors_info=\"{}\"][\/et_pb_image][\/et_pb_column][\/et_pb_row][et_pb_row column_structure=\"1_4,1_4,1_4,1_4\" use_custom_gutter=\"on\" gutter_width=\"2\" module_id=\"episodes\" _builder_version=\"4.4.4\" max_width=\"100vw\" custom_margin=\"3rem|auto||auto|false|false\" custom_padding=\"0px|||||\" global_module=\"1150\" saved_tabs=\"all\" global_colors_info=\"{}\"][et_pb_column type=\"1_4\" _builder_version=\"4.4.4\" global_colors_info=\"{}\"][et_pb_blurb title=\"Juustomatka alkaa Bernist\u00e4\" image=\"https:\/\/gruyerestories.com\/archive\/wp-content\/uploads\/2020\/04\/behind-the-scenes-300x207.jpg\" _builder_version=\"4.10.5\" text_orientation=\"center\" animation=\"off\" link_option_url=\"\/juustomatka-alkaa-bernista\/\" global_colors_info=\"{}\"]\n\n#1\n\n[\/et_pb_blurb][\/et_pb_column][et_pb_column type=\"1_4\" _builder_version=\"4.4.4\" global_colors_info=\"{}\"][et_pb_blurb title=\" Hyv\u00e4n ruokakuvan anatomia\" image=\"https:\/\/gruyerestories.com\/archive\/wp-content\/uploads\/2020\/04\/petter-episode2-300x207.jpg\" _builder_version=\"4.10.5\" text_orientation=\"center\" animation=\"off\" link_option_url=\"\/hyvan-ruokakuvan-anatomia\/\" global_colors_info=\"{}\"]\n\n#2\n\n[\/et_pb_blurb][\/et_pb_column][et_pb_column type=\"1_4\" _builder_version=\"4.4.4\" global_colors_info=\"{}\"][et_pb_blurb title=\" Kamerakalusto reissussa\" image=\"https:\/\/gruyerestories.com\/archive\/wp-content\/uploads\/2020\/04\/petter-episode3-300x207.jpg\" _builder_version=\"4.10.5\" text_orientation=\"center\" animation=\"off\" link_option_url=\"\/kamerakalusto-reissussa\/\" global_colors_info=\"{}\"]\n\n#3\n\n[\/et_pb_blurb][\/et_pb_column][et_pb_column type=\"1_4\" _builder_version=\"4.4.4\" global_colors_info=\"{}\"][et_pb_blurb title=\" Vuoria ja kellarikypsytyst\u00e4\" image=\"https:\/\/gruyerestories.com\/archive\/wp-content\/uploads\/2020\/04\/petter-episode4-300x207.jpg\" _builder_version=\"4.10.5\" text_orientation=\"center\" animation=\"off\" link_option_url=\"\/vuoria-ja-kellarikypsytysta\/\" global_colors_info=\"{}\"]\n\n#4\n\n[\/et_pb_blurb][\/et_pb_column][\/et_pb_row][\/et_pb_section]","_et_gb_content_width":""},"yoast_head":"<!-- This site is optimized with the Yoast SEO plugin v20.6 - https:\/\/yoast.com\/wordpress\/plugins\/seo\/ -->\n<title>The Stories of Le Gruy\u00e9re AOP<\/title>\n<meta name=\"description\" content=\"Ber\u00e4tta om hur du l\u00e4rt k\u00e4nna Le Gruy\u00e8re AOP-osten, vilket ditt favoritrecept som inneh\u00e5ller osten \u00e4r eller var du vanligtvis k\u00f6per den.\" \/>\n<meta name=\"robots\" content=\"index, follow, max-snippet:-1, max-image-preview:large, max-video-preview:-1\" \/>\n<link rel=\"canonical\" href=\"https:\/\/gruyerestories.com\/archive\/sv\/\" \/>\n<meta property=\"og:locale\" content=\"en_US\" \/>\n<meta property=\"og:type\" content=\"article\" \/>\n<meta property=\"og:title\" content=\"The Stories of Le Gruy\u00e9re AOP\" \/>\n<meta property=\"og:description\" content=\"Ber\u00e4tta om hur du l\u00e4rt k\u00e4nna Le Gruy\u00e8re AOP-osten, vilket ditt favoritrecept som inneh\u00e5ller osten \u00e4r eller var du vanligtvis k\u00f6per den.\" \/>\n<meta property=\"og:url\" content=\"https:\/\/gruyerestories.com\/archive\/sv\/\" \/>\n<meta property=\"og:site_name\" content=\"The Stories of Le Gruy\u00e9re AOP\" \/>\n<meta property=\"article:modified_time\" content=\"2022-03-30T13:23:46+00:00\" \/>\n<meta property=\"og:image\" content=\"https:\/\/gruyerestories.com\/archive\/wp-content\/uploads\/2021\/09\/gruyerestories-post-image-2021-2.jpg\" \/>\n\t<meta property=\"og:image:width\" content=\"1200\" \/>\n\t<meta property=\"og:image:height\" content=\"628\" \/>\n\t<meta property=\"og:image:type\" content=\"image\/jpeg\" \/>\n<meta name=\"twitter:card\" content=\"summary_large_image\" \/>\n<meta name=\"twitter:label1\" content=\"Est. reading time\" \/>\n\t<meta name=\"twitter:data1\" content=\"6 minutes\" \/>\n<script type=\"application\/ld+json\" class=\"yoast-schema-graph\">{\"@context\":\"https:\/\/schema.org\",\"@graph\":[{\"@type\":\"WebPage\",\"@id\":\"https:\/\/gruyerestories.com\/archive\/sv\/\",\"url\":\"https:\/\/gruyerestories.com\/archive\/sv\/\",\"name\":\"The Stories of Le Gruy\u00e9re AOP\",\"isPartOf\":{\"@id\":\"https:\/\/gruyerestories.com\/archive\/#website\"},\"datePublished\":\"2021-09-02T13:27:48+00:00\",\"dateModified\":\"2022-03-30T13:23:46+00:00\",\"description\":\"Ber\u00e4tta om hur du l\u00e4rt k\u00e4nna Le Gruy\u00e8re AOP-osten, vilket ditt favoritrecept som inneh\u00e5ller osten \u00e4r eller var du vanligtvis k\u00f6per den.\",\"breadcrumb\":{\"@id\":\"https:\/\/gruyerestories.com\/archive\/sv\/#breadcrumb\"},\"inLanguage\":\"en-US\",\"potentialAction\":[{\"@type\":\"ReadAction\",\"target\":[\"https:\/\/gruyerestories.com\/archive\/sv\/\"]}]},{\"@type\":\"BreadcrumbList\",\"@id\":\"https:\/\/gruyerestories.com\/archive\/sv\/#breadcrumb\",\"itemListElement\":[{\"@type\":\"ListItem\",\"position\":1,\"name\":\"Home\",\"item\":\"https:\/\/gruyerestories.com\/archive\/\"},{\"@type\":\"ListItem\",\"position\":2,\"name\":\"The Stories of Le Gruy\u00e9re AOP\"}]},{\"@type\":\"WebSite\",\"@id\":\"https:\/\/gruyerestories.com\/archive\/#website\",\"url\":\"https:\/\/gruyerestories.com\/archive\/\",\"name\":\"The Stories of Le Gruy\u00e9re AOP\",\"description\":\"Share your story about Le Gruy\u00e8re AOP for a chance to win!\",\"publisher\":{\"@id\":\"https:\/\/gruyerestories.com\/archive\/#organization\"},\"potentialAction\":[{\"@type\":\"SearchAction\",\"target\":{\"@type\":\"EntryPoint\",\"urlTemplate\":\"https:\/\/gruyerestories.com\/archive\/?s={search_term_string}\"},\"query-input\":\"required name=search_term_string\"}],\"inLanguage\":\"en-US\"},{\"@type\":\"Organization\",\"@id\":\"https:\/\/gruyerestories.com\/archive\/#organization\",\"name\":\"The Stories of Le Gruy\u00e9re AOP\",\"url\":\"https:\/\/gruyerestories.com\/archive\/\",\"logo\":{\"@type\":\"ImageObject\",\"inLanguage\":\"en-US\",\"@id\":\"https:\/\/gruyerestories.com\/archive\/#\/schema\/logo\/image\/\",\"url\":\"https:\/\/gruyerestories.com\/archive\/wp-content\/uploads\/2020\/04\/le-gruyere-logo.svg\",\"contentUrl\":\"https:\/\/gruyerestories.com\/archive\/wp-content\/uploads\/2020\/04\/le-gruyere-logo.svg\",\"width\":1,\"height\":1,\"caption\":\"The Stories of Le Gruy\u00e9re AOP\"},\"image\":{\"@id\":\"https:\/\/gruyerestories.com\/archive\/#\/schema\/logo\/image\/\"}}]}<\/script>\n<!-- \/ Yoast SEO plugin. -->","yoast_head_json":{"title":"The Stories of Le Gruy\u00e9re AOP","description":"Ber\u00e4tta om hur du l\u00e4rt k\u00e4nna Le Gruy\u00e8re AOP-osten, vilket ditt favoritrecept som inneh\u00e5ller osten \u00e4r eller var du vanligtvis k\u00f6per den.","robots":{"index":"index","follow":"follow","max-snippet":"max-snippet:-1","max-image-preview":"max-image-preview:large","max-video-preview":"max-video-preview:-1"},"canonical":"https:\/\/gruyerestories.com\/archive\/sv\/","og_locale":"en_US","og_type":"article","og_title":"The Stories of Le Gruy\u00e9re AOP","og_description":"Ber\u00e4tta om hur du l\u00e4rt k\u00e4nna Le Gruy\u00e8re AOP-osten, vilket ditt favoritrecept som inneh\u00e5ller osten \u00e4r eller var du vanligtvis k\u00f6per den.","og_url":"https:\/\/gruyerestories.com\/archive\/sv\/","og_site_name":"The Stories of Le Gruy\u00e9re AOP","article_modified_time":"2022-03-30T13:23:46+00:00","og_image":[{"width":1200,"height":628,"url":"https:\/\/gruyerestories.com\/archive\/wp-content\/uploads\/2021\/09\/gruyerestories-post-image-2021-2.jpg","type":"image\/jpeg"}],"twitter_card":"summary_large_image","twitter_misc":{"Est. reading time":"6 minutes"},"schema":{"@context":"https:\/\/schema.org","@graph":[{"@type":"WebPage","@id":"https:\/\/gruyerestories.com\/archive\/sv\/","url":"https:\/\/gruyerestories.com\/archive\/sv\/","name":"The Stories of Le Gruy\u00e9re AOP","isPartOf":{"@id":"https:\/\/gruyerestories.com\/archive\/#website"},"datePublished":"2021-09-02T13:27:48+00:00","dateModified":"2022-03-30T13:23:46+00:00","description":"Ber\u00e4tta om hur du l\u00e4rt k\u00e4nna Le Gruy\u00e8re AOP-osten, vilket ditt favoritrecept som inneh\u00e5ller osten \u00e4r eller var du vanligtvis k\u00f6per den.","breadcrumb":{"@id":"https:\/\/gruyerestories.com\/archive\/sv\/#breadcrumb"},"inLanguage":"en-US","potentialAction":[{"@type":"ReadAction","target":["https:\/\/gruyerestories.com\/archive\/sv\/"]}]},{"@type":"BreadcrumbList","@id":"https:\/\/gruyerestories.com\/archive\/sv\/#breadcrumb","itemListElement":[{"@type":"ListItem","position":1,"name":"Home","item":"https:\/\/gruyerestories.com\/archive\/"},{"@type":"ListItem","position":2,"name":"The Stories of Le Gruy\u00e9re AOP"}]},{"@type":"WebSite","@id":"https:\/\/gruyerestories.com\/archive\/#website","url":"https:\/\/gruyerestories.com\/archive\/","name":"The Stories of Le Gruy\u00e9re AOP","description":"Share your story about Le Gruy\u00e8re AOP for a chance to win!","publisher":{"@id":"https:\/\/gruyerestories.com\/archive\/#organization"},"potentialAction":[{"@type":"SearchAction","target":{"@type":"EntryPoint","urlTemplate":"https:\/\/gruyerestories.com\/archive\/?s={search_term_string}"},"query-input":"required name=search_term_string"}],"inLanguage":"en-US"},{"@type":"Organization","@id":"https:\/\/gruyerestories.com\/archive\/#organization","name":"The Stories of Le Gruy\u00e9re AOP","url":"https:\/\/gruyerestories.com\/archive\/","logo":{"@type":"ImageObject","inLanguage":"en-US","@id":"https:\/\/gruyerestories.com\/archive\/#\/schema\/logo\/image\/","url":"https:\/\/gruyerestories.com\/archive\/wp-content\/uploads\/2020\/04\/le-gruyere-logo.svg","contentUrl":"https:\/\/gruyerestories.com\/archive\/wp-content\/uploads\/2020\/04\/le-gruyere-logo.svg","width":1,"height":1,"caption":"The Stories of Le Gruy\u00e9re AOP"},"image":{"@id":"https:\/\/gruyerestories.com\/archive\/#\/schema\/logo\/image\/"}}]}},"_links":{"self":[{"href":"https:\/\/gruyerestories.com\/archive\/wp-json\/wp\/v2\/pages\/1291"}],"collection":[{"href":"https:\/\/gruyerestories.com\/archive\/wp-json\/wp\/v2\/pages"}],"about":[{"href":"https:\/\/gruyerestories.com\/archive\/wp-json\/wp\/v2\/types\/page"}],"author":[{"embeddable":true,"href":"https:\/\/gruyerestories.com\/archive\/wp-json\/wp\/v2\/users\/1"}],"replies":[{"embeddable":true,"href":"https:\/\/gruyerestories.com\/archive\/wp-json\/wp\/v2\/comments?post=1291"}],"version-history":[{"count":16,"href":"https:\/\/gruyerestories.com\/archive\/wp-json\/wp\/v2\/pages\/1291\/revisions"}],"predecessor-version":[{"id":1700,"href":"https:\/\/gruyerestories.com\/archive\/wp-json\/wp\/v2\/pages\/1291\/revisions\/1700"}],"wp:attachment":[{"href":"https:\/\/gruyerestories.com\/archive\/wp-json\/wp\/v2\/media?parent=1291"}],"curies":[{"name":"wp","href":"https:\/\/api.w.org\/{rel}","templated":true}]}}